{"id":912,"date":"2018-07-03T12:47:21","date_gmt":"2018-07-03T15:47:21","guid":{"rendered":"https:\/\/ifd12-nqn.infd.edu.ar\/sitio\/autoridades\/"},"modified":"2026-04-08T18:02:34","modified_gmt":"2026-04-08T21:02:34","slug":"autoridades","status":"publish","type":"page","link":"https:\/\/ifd12-nqn.infd.edu.ar\/sitio\/autoridades\/","title":{"rendered":"Autoridades"},"content":{"rendered":"<p><span style=\"color: #008080;\"><strong>EQUIPO DIRECTIVO 2026<\/strong><\/span><\/p>\n<p><strong>Directora<\/strong>: Laura Castellani<\/p>\n<p><strong>Vicedirector<\/strong>: Mariana Aravena<\/p>\n<p><strong>Secretaria Acad\u00e9mica: <\/strong>Bel\u00e9n D\u00b4Arcangelo<\/p>\n<p><span style=\"color: #008080;\"><strong>CONSEJO ACAD\u00c9MICO 2026<\/strong><\/span><\/p>\n<p><strong>Secretaria Acad\u00e9mica<\/strong>: Bel\u00e9n D\u00b4Arcangelo<\/p>\n<p><strong>Coordinaci\u00f3n de Primer A\u00f1o<\/strong>: Silvana Elizabeth Pallaoro<\/p>\n<p><strong>Coordinaci\u00f3n Carrera PEI<\/strong>: Claudio Parlavecchio<\/p>\n<p><strong>Coordinaci\u00f3n Pr\u00e1ctica PEI<\/strong>: Diego Alfredo Arangue<\/p>\n<p><strong>Coordinaci\u00f3n Carrera PEP<\/strong>: Guadalupe Aragone<\/p>\n<p><strong>Coordinaci\u00f3n Pr\u00e1ctica PEP<\/strong>: Mar\u00eda Valeria Vitanzi<\/p>\n<p><strong>Secretaria de Investigaci\u00f3n<\/strong>:<\/p>\n<p><strong>Secretaria de Extensi\u00f3n<\/strong>: Piuquen Malen Temis Barrutia<\/p>\n<p><strong>Coordinaci\u00f3n de Asuntos Estudiantiles<\/strong>: \u00a0Liza Maribel Aguirre<\/p>\n<p><strong>Coordinaci\u00f3n de acompa\u00f1amiento de las trayectorias: <\/strong>Yanira Nadina Jalif<\/p>\n<p><strong>Coordinaci\u00f3n de lenguajes est\u00e9tico- expresivos: <\/strong>Juan Ignacio Reeves<\/p>\n<p><strong>\u00a0<\/strong><\/p>\n<p><span style=\"color: #008080;\"><strong>CONSEJO DE POL\u00cdTICAS INSTITUCIONALES\u00a0<\/strong><\/span><\/p>\n<p><strong>Claustro Trabajadores de Apoyo Educativo<\/strong><\/p>\n<p><strong><u>Titulares<\/u><\/strong><strong>:\u00a0\u00a0\u00a0\u00a0\u00a0\u00a0\u00a0\u00a0\u00a0\u00a0\u00a0\u00a0\u00a0\u00a0\u00a0\u00a0\u00a0\u00a0\u00a0\u00a0\u00a0\u00a0\u00a0\u00a0\u00a0\u00a0<\/strong><\/p>\n<p><strong><u>Suplente<\/u><\/strong>:<\/p>\n<p><strong>Claustro Docente<\/strong><\/p>\n<p><strong><u>Titulares<\/u><\/strong><strong>:<\/strong><\/p>\n<p><strong><u>Suplentes<\/u><\/strong><strong>:<\/strong><\/p>\n<p><strong>Claustro Estudiantil<\/strong><\/p>\n<p><strong><u>Titulares<\/u><\/strong><strong>:<\/strong><\/p>\n<p><strong><u>Suplentes<\/u><\/strong><strong>:<\/strong><\/p>\n<p><strong>\u00a0<\/strong><\/p>\n<p><strong>Claustro Graduados<\/strong><\/p>\n<p><strong><u>Titulares<\/u><\/strong><strong>:<\/strong><\/p>\n<p><strong><u>Suplentes<\/u><\/strong><strong>:<\/strong><\/p>\n","protected":false},"excerpt":{"rendered":"<p>EQUIPO DIRECTIVO 2026 Directora: Laura Castellani Vicedirector: Mariana Aravena Secretaria Acad\u00e9mica: Bel\u00e9n D\u00b4Arcangelo CONSEJO ACAD\u00c9MICO 2026 Secretaria Acad\u00e9mica: Bel\u00e9n D\u00b4Arcangelo Coordinaci\u00f3n de Primer A\u00f1o: Silvana Elizabeth Pallaoro Coordinaci\u00f3n Carrera PEI: Claudio Parlavecchio Coordinaci\u00f3n Pr\u00e1ctica PEI: Diego Alfredo Arangue Coordinaci\u00f3n Carrera PEP: Guadalupe Aragone Coordinaci\u00f3n Pr\u00e1ctica PEP: Mar\u00eda Valeria Vitanzi Secretaria de Investigaci\u00f3n: Secretaria de Extensi\u00f3n: &#8230; <a title=\"Autoridades\" class=\"read-more\" href=\"https:\/\/ifd12-nqn.infd.edu.ar\/sitio\/autoridades\/\" aria-label=\"More on Autoridades\">[+]<\/a><\/p>\n","protected":false},"author":1452,"featured_media":0,"parent":0,"menu_order":0,"comment_status":"closed","ping_status":"closed","template":"","meta":[],"acf":[],"_links":{"self":[{"href":"https:\/\/ifd12-nqn.infd.edu.ar\/sitio\/wp-json\/wp\/v2\/pages\/912"}],"collection":[{"href":"https:\/\/ifd12-nqn.infd.edu.ar\/sitio\/wp-json\/wp\/v2\/pages"}],"about":[{"href":"https:\/\/ifd12-nqn.infd.edu.ar\/sitio\/wp-json\/wp\/v2\/types\/page"}],"author":[{"embeddable":true,"href":"https:\/\/ifd12-nqn.infd.edu.ar\/sitio\/wp-json\/wp\/v2\/users\/1452"}],"replies":[{"embeddable":true,"href":"https:\/\/ifd12-nqn.infd.edu.ar\/sitio\/wp-json\/wp\/v2\/comments?post=912"}],"version-history":[{"count":21,"href":"https:\/\/ifd12-nqn.infd.edu.ar\/sitio\/wp-json\/wp\/v2\/pages\/912\/revisions"}],"predecessor-version":[{"id":4018,"href":"https:\/\/ifd12-nqn.infd.edu.ar\/sitio\/wp-json\/wp\/v2\/pages\/912\/revisions\/4018"}],"wp:attachment":[{"href":"https:\/\/ifd12-nqn.infd.edu.ar\/sitio\/wp-json\/wp\/v2\/media?parent=912"}],"curies":[{"name":"wp","href":"https:\/\/api.w.org\/{rel}","templated":true}]}}